{"id":16748,"date":"2023-06-27T14:22:42","date_gmt":"2023-06-27T14:22:42","guid":{"rendered":"https:\/\/www.myvideomedia.com\/?page_id=16748"},"modified":"2023-06-27T14:43:24","modified_gmt":"2023-06-27T14:43:24","slug":"datenschutz-2","status":"publish","type":"page","link":"https:\/\/www.myvideomedia.com\/de\/datenschutz-2\/","title":{"rendered":"Datenschutz"},"content":{"rendered":"\n<h1>Datenschutzerkl\u00e4rung<\/h1>\n<h2 id=\"m716\">Pr\u00e4ambel<\/h2>\n<p>Mit der folgenden Datenschutzerkl\u00e4rung m\u00f6chten wir Sie dar\u00fcber aufkl\u00e4ren, welche Arten Ihrer personenbezogenen Daten (nachfolgend auch kurz als &#8222;Daten\u201c bezeichnet) wir zu welchen Zwecken und in welchem Umfang verarbeiten. Die Datenschutzerkl\u00e4rung gilt f\u00fcr alle von uns durchgef\u00fchrten Verarbeitungen personenbezogener Daten, sowohl im Rahmen der Erbringung unserer Leistungen als auch insbesondere auf unseren Webseiten, in mobilen Applikationen sowie innerhalb externer Onlinepr\u00e4senzen, wie z.B. unserer Social-Media-Profile (nachfolgend zusammenfassend bezeichnet als &#8222;Onlineangebot\u201c).<\/p>\n<p>Die verwendeten Begriffe sind nicht geschlechtsspezifisch.<\/p>\n<p>Stand: 27. Juni 2023<\/p><h2>Inhalts\u00fcbersicht<\/h2> <ul class=\"index\"><li><a class=\"index-link\" href=\"#m716\">Pr\u00e4ambel<\/a><\/li><li><a class=\"index-link\" href=\"#m3\">Verantwortlicher<\/a><\/li><li><a class=\"index-link\" href=\"#mOverview\">\u00dcbersicht der Verarbeitungen<\/a><\/li><li><a class=\"index-link\" href=\"#m2427\">Ma\u00dfgebliche Rechtsgrundlagen<\/a><\/li><li><a class=\"index-link\" href=\"#m27\">Sicherheitsma\u00dfnahmen<\/a><\/li><li><a class=\"index-link\" href=\"#m12\">L\u00f6schung von Daten<\/a><\/li><li><a class=\"index-link\" href=\"#m10\">Rechte der betroffenen Personen<\/a><\/li><li><a class=\"index-link\" href=\"#m134\">Einsatz von Cookies<\/a><\/li><li><a class=\"index-link\" href=\"#m104\">Blogs und Publikationsmedien<\/a><\/li><li><a class=\"index-link\" href=\"#m182\">Kontakt- und Anfragenverwaltung<\/a><\/li><li><a class=\"index-link\" href=\"#m135\">Affiliate-Programme und Affiliate-Links<\/a><\/li><li><a class=\"index-link\" href=\"#m136\">Pr\u00e4senzen in sozialen Netzwerken (Social Media)<\/a><\/li><li><a class=\"index-link\" href=\"#m15\">\u00c4nderung und Aktualisierung der Datenschutzerkl\u00e4rung<\/a><\/li><li><a class=\"index-link\" href=\"#m42\">Begriffsdefinitionen<\/a><\/li><\/ul><h2 id=\"m3\">Verantwortlicher<\/h2><p>G\u00fcnther Etlinger<br>Cusanusstr. 4<br>54518 Altrich<br>Deutschland<\/p>\nE-Mail-Adresse: <p><a href=\"mailto:info@myvideomedia.de\">info@myvideomedia.de<\/a><\/p>\nImpressum: <p><a href=\"https:\/\/www.myvideomedia.com\/de\/impressum\/\" target=\"_blank\" rel=\"noopener\">https:\/\/www.myvideomedia.com\/de\/impressum\/<\/a><\/p>\n<h2 id=\"m2427\">Ma\u00dfgebliche Rechtsgrundlagen<\/h2><p><strong>Ma\u00dfgebliche Rechtsgrundlagen nach der DSGVO: <\/strong>Im Folgenden erhalten Sie eine \u00dcbersicht der Rechtsgrundlagen der DSGVO, auf deren Basis wir personenbezogene Daten verarbeiten. Bitte nehmen Sie zur Kenntnis, dass neben den Regelungen der DSGVO nationale Datenschutzvorgaben in Ihrem bzw. unserem Wohn- oder Sitzland gelten k\u00f6nnen. Sollten ferner im Einzelfall speziellere Rechtsgrundlagen ma\u00dfgeblich sein, teilen wir Ihnen diese in der Datenschutzerkl\u00e4rung mit.<\/p>\n <ul><li><strong>Einwilligung (Art. 6 Abs. 1 S. 1 lit. a) DSGVO)<\/strong> &#8211; Die betroffene Person hat ihre Einwilligung in die Verarbeitung der sie betreffenden personenbezogenen Daten f\u00fcr einen spezifischen Zweck oder mehrere bestimmte Zwecke gegeben.<\/li><li><strong>Vertragserf\u00fcllung und vorvertragliche Anfragen (Art. 6 Abs. 1 S. 1 lit. b) DSGVO)<\/strong> &#8211; Die Verarbeitung ist f\u00fcr die Erf\u00fcllung eines Vertrags, dessen Vertragspartei die betroffene Person ist, oder zur Durchf\u00fchrung vorvertraglicher Ma\u00dfnahmen erforderlich, die auf Anfrage der betroffenen Person erfolgen.<\/li><li><strong>Berechtigte Interessen (Art. 6 Abs. 1 S. 1 lit. f) DSGVO)<\/strong> &#8211; Die Verarbeitung ist zur Wahrung der berechtigten Interessen des Verantwortlichen oder eines Dritten erforderlich, sofern nicht die Interessen oder Grundrechte und Grundfreiheiten der betroffenen Person, die den Schutz personenbezogener Daten erfordern, \u00fcberwiegen.<\/li><\/ul><p><strong>Nationale Datenschutzregelungen in Deutschland: <\/strong>Zus\u00e4tzlich zu den Datenschutzregelungen der DSGVO gelten nationale Regelungen zum Datenschutz in Deutschland. Hierzu geh\u00f6rt insbesondere das Gesetz zum Schutz vor Missbrauch personenbezogener Daten bei der Datenverarbeitung (Bundesdatenschutzgesetz \u2013 BDSG). Das BDSG enth\u00e4lt insbesondere Spezialregelungen zum Recht auf Auskunft, zum Recht auf L\u00f6schung, zum Widerspruchsrecht, zur Verarbeitung besonderer Kategorien personenbezogener Daten, zur Verarbeitung f\u00fcr andere Zwecke und zur \u00dcbermittlung sowie automatisierten Entscheidungsfindung im Einzelfall einschlie\u00dflich Profiling. Ferner k\u00f6nnen Landesdatenschutzgesetze der einzelnen Bundesl\u00e4nder zur Anwendung gelangen.<\/p>\n<h2 id=\"mOverview\">\u00dcbersicht der Verarbeitungen<\/h2><p>Die nachfolgende \u00dcbersicht fasst die Arten der verarbeiteten Daten und die Zwecke ihrer Verarbeitung zusammen und verweist auf die betroffenen Personen.<\/p><h3>Arten der verarbeiteten Daten<\/h3>\n<ul><li>Bestandsdaten.<\/li><li>Kontaktdaten.<\/li><li>Inhaltsdaten.<\/li><li>Vertragsdaten.<\/li><li>Nutzungsdaten.<\/li><li>Meta-, Kommunikations- und Verfahrensdaten.<\/li><\/ul><h3>Kategorien betroffener Personen<\/h3><ul><li>Kommunikationspartner.<\/li><li>Nutzer.<\/li><\/ul><h3>Zwecke der Verarbeitung<\/h3><ul><li>Erbringung vertraglicher Leistungen und Kundenservice.<\/li><li>Kontaktanfragen und Kommunikation.<\/li><li>Sicherheitsma\u00dfnahmen.<\/li><li>Affiliate-Nachverfolgung.<\/li><li>Verwaltung und Beantwortung von Anfragen.<\/li><li>Feedback.<\/li><li>Marketing.<\/li><li>Bereitstellung unseres Onlineangebotes und Nutzerfreundlichkeit.<\/li><\/ul><h2 id=\"m27\">Sicherheitsma\u00dfnahmen<\/h2><p>Wir treffen nach Ma\u00dfgabe der gesetzlichen Vorgaben unter Ber\u00fccksichtigung des Stands der Technik, der Implementierungskosten und der Art, des Umfangs, der Umst\u00e4nde und der Zwecke der Verarbeitung sowie der unterschiedlichen Eintrittswahrscheinlichkeiten und des Ausma\u00dfes der Bedrohung der Rechte und Freiheiten nat\u00fcrlicher Personen geeignete technische und organisatorische Ma\u00dfnahmen, um ein dem Risiko angemessenes Schutzniveau zu gew\u00e4hrleisten.<\/p>\n<p>Zu den Ma\u00dfnahmen geh\u00f6ren insbesondere die Sicherung der Vertraulichkeit, Integrit\u00e4t und Verf\u00fcgbarkeit von Daten durch Kontrolle des physischen und elektronischen Zugangs zu den Daten als auch des sie betreffenden Zugriffs, der Eingabe, der Weitergabe, der Sicherung der Verf\u00fcgbarkeit und ihrer Trennung. Des Weiteren haben wir Verfahren eingerichtet, die eine Wahrnehmung von Betroffenenrechten, die L\u00f6schung von Daten und Reaktionen auf die Gef\u00e4hrdung der Daten gew\u00e4hrleisten. Ferner ber\u00fccksichtigen wir den Schutz personenbezogener Daten bereits bei der Entwicklung bzw. Auswahl von Hardware, Software sowie Verfahren entsprechend dem Prinzip des Datenschutzes, durch Technikgestaltung und durch datenschutzfreundliche Voreinstellungen.<\/p>\n<p>K\u00fcrzung der IP-Adresse: Sofern IP-Adressen von uns oder von den eingesetzten Dienstleistern und Technologien verarbeitet werden und die Verarbeitung einer vollst\u00e4ndigen IP-Adresse nicht erforderlich ist, wird die IP-Adresse gek\u00fcrzt (auch als &#8222;IP-Masking&#8220; bezeichnet). Hierbei werden die letzten beiden Ziffern, bzw. der letzte Teil der IP-Adresse nach einem Punkt entfernt, bzw. durch Platzhalter ersetzt. Mit der K\u00fcrzung der IP-Adresse soll die Identifizierung einer Person anhand ihrer IP-Adresse verhindert oder wesentlich erschwert werden.<\/p>\n<p>TLS-Verschl\u00fcsselung (https): Um Ihre via unserem Online-Angebot \u00fcbermittelten Daten zu sch\u00fctzen, nutzen wir eine TLS-Verschl\u00fcsselung. Sie erkennen derart verschl\u00fcsselte Verbindungen an dem Pr\u00e4fix https:\/\/ in der Adresszeile Ihres Browsers.<\/p>\n<h2 id=\"m12\">L\u00f6schung von Daten<\/h2><p>Die von uns verarbeiteten Daten werden nach Ma\u00dfgabe der gesetzlichen Vorgaben gel\u00f6scht, sobald deren zur Verarbeitung erlaubten Einwilligungen widerrufen werden oder sonstige Erlaubnisse entfallen (z.B. wenn der Zweck der Verarbeitung dieser Daten entfallen ist oder sie f\u00fcr den Zweck nicht erforderlich sind). Sofern die Daten nicht gel\u00f6scht werden, weil sie f\u00fcr andere und gesetzlich zul\u00e4ssige Zwecke erforderlich sind, wird deren Verarbeitung auf diese Zwecke beschr\u00e4nkt. D.h., die Daten werden gesperrt und nicht f\u00fcr andere Zwecke verarbeitet. Das gilt z.B. f\u00fcr Daten, die aus handels- oder steuerrechtlichen Gr\u00fcnden aufbewahrt werden m\u00fcssen oder deren Speicherung zur Geltendmachung, Aus\u00fcbung oder Verteidigung von Rechtsanspr\u00fcchen oder zum Schutz der Rechte einer anderen nat\u00fcrlichen oder juristischen Person erforderlich ist. <\/p>\n<p>Unsere Datenschutzhinweise k\u00f6nnen ferner weitere Angaben zu der Aufbewahrung und L\u00f6schung von Daten beinhalten, die f\u00fcr die jeweiligen Verarbeitungen vorrangig gelten.<\/p>\n<h2 id=\"m10\">Rechte der betroffenen Personen<\/h2><p>Rechte der betroffenen Personen aus der DSGVO: Ihnen stehen als Betroffene nach der DSGVO verschiedene Rechte zu, die sich insbesondere aus Art. 15 bis 21 DSGVO ergeben:<\/p><ul><li><strong>Widerspruchsrecht: Sie haben das Recht, aus Gr\u00fcnden, die sich aus Ihrer besonderen Situation ergeben, jederzeit gegen die Verarbeitung der Sie betreffenden personenbezogenen Daten, die aufgrund von Art. 6 Abs. 1 lit. e oder f DSGVO erfolgt, Widerspruch einzulegen; dies gilt auch f\u00fcr ein auf diese Bestimmungen gest\u00fctztes Profiling. Werden die Sie betreffenden personenbezogenen Daten verarbeitet, um Direktwerbung zu betreiben, haben Sie das Recht, jederzeit Widerspruch gegen die Verarbeitung der Sie betreffenden personenbezogenen Daten zum Zwecke derartiger Werbung einzulegen; dies gilt auch f\u00fcr das Profiling, soweit es mit solcher Direktwerbung in Verbindung steht.<\/strong><\/li><li><strong>Widerrufsrecht bei Einwilligungen:<\/strong> Sie haben das Recht, erteilte Einwilligungen jederzeit zu widerrufen.<\/li><li><strong>Auskunftsrecht:<\/strong> Sie haben das Recht, eine Best\u00e4tigung dar\u00fcber zu verlangen, ob betreffende Daten verarbeitet werden und auf Auskunft \u00fcber diese Daten sowie auf weitere Informationen und Kopie der Daten entsprechend den gesetzlichen Vorgaben.<\/li><li><strong>Recht auf Berichtigung:<\/strong> Sie haben entsprechend den gesetzlichen Vorgaben das Recht, die Vervollst\u00e4ndigung der Sie betreffenden Daten oder die Berichtigung der Sie betreffenden unrichtigen Daten zu verlangen.<\/li><li><strong>Recht auf L\u00f6schung und Einschr\u00e4nkung der Verarbeitung:<\/strong> Sie haben nach Ma\u00dfgabe der gesetzlichen Vorgaben das Recht, zu verlangen, dass Sie betreffende Daten unverz\u00fcglich gel\u00f6scht werden, bzw. alternativ nach Ma\u00dfgabe der gesetzlichen Vorgaben eine Einschr\u00e4nkung der Verarbeitung der Daten zu verlangen.<\/li><li><strong>Recht auf Daten\u00fcbertragbarkeit:<\/strong> Sie haben das Recht, Sie betreffende Daten, die Sie uns bereitgestellt haben, nach Ma\u00dfgabe der gesetzlichen Vorgaben in einem strukturierten, g\u00e4ngigen und maschinenlesbaren Format zu erhalten oder deren \u00dcbermittlung an einen anderen Verantwortlichen zu fordern.<\/li><li><strong>Beschwerde bei Aufsichtsbeh\u00f6rde:<\/strong> Sie haben unbeschadet eines anderweitigen verwaltungsrechtlichen oder gerichtlichen Rechtsbehelfs das Recht auf Beschwerde bei einer Aufsichtsbeh\u00f6rde, insbesondere in dem Mitgliedstaat ihres gew\u00f6hnlichen Aufenthaltsorts, ihres Arbeitsplatzes oder des Orts des mutma\u00dflichen Versto\u00dfes, wenn Sie der Ansicht sind, dass die Verarbeitung der Sie betreffenden personenbezogenen Daten gegen die Vorgaben der DSGVO verst\u00f6\u00dft.<\/li><\/ul>\n<h2 id=\"m134\">Einsatz von Cookies<\/h2><p>Cookies sind kleine Textdateien, bzw. sonstige Speichervermerke, die Informationen auf Endger\u00e4ten speichern und Informationen aus den Endger\u00e4ten auslesen. Z.B. um den Login-Status in einem Nutzerkonto, einen Warenkorbinhalt in einem E-Shop, die aufgerufenen Inhalte oder verwendete Funktionen eines Onlineangebotes speichern. Cookies k\u00f6nnen ferner zu unterschiedlichen Zwecken eingesetzt werden, z.B. zu Zwecken der Funktionsf\u00e4higkeit, Sicherheit und Komfort von Onlineangeboten sowie der Erstellung von Analysen der Besucherstr\u00f6me. <\/p>\n<p><strong>Hinweise zur Einwilligung: <\/strong>Wir setzen Cookies im Einklang mit den gesetzlichen Vorschriften ein. Daher holen wir von den Nutzern eine vorhergehende Einwilligung ein, au\u00dfer wenn diese gesetzlich nicht gefordert ist. Eine Einwilligung ist insbesondere nicht notwendig, wenn das Speichern und das Auslesen der Informationen, also auch von Cookies, unbedingt erforderlich sind, um dem den Nutzern einen von ihnen ausdr\u00fccklich gew\u00fcnschten Telemediendienst (also unser Onlineangebot) zur Verf\u00fcgung zu stellen. Zu den unbedingt erforderlichen Cookies geh\u00f6ren in der Regel Cookies mit Funktionen, die der Anzeige und Lauff\u00e4higkeit des Onlineangebotes , dem Lastausgleich, der Sicherheit, der Speicherung der Pr\u00e4ferenzen und Auswahlm\u00f6glichkeiten der Nutzer oder \u00e4hnlichen mit der Bereitstellung der Haupt- und Nebenfunktionen des von den Nutzern angeforderten Onlineangebotes zusammenh\u00e4ngenden Zwecken dienen. Die widerrufliche Einwilligung wird gegen\u00fcber den Nutzern deutlich kommuniziert und enth\u00e4lt die Informationen zu der jeweiligen Cookie-Nutzung.<\/p>\n<p><strong>Hinweise zu datenschutzrechtlichen Rechtsgrundlagen: <\/strong>Auf welcher datenschutzrechtlichen Rechtsgrundlage wir die personenbezogenen Daten der Nutzer mit Hilfe von Cookies verarbeiten, h\u00e4ngt davon ab, ob wir Nutzer um eine Einwilligung bitten. Falls die Nutzer einwilligen, ist die Rechtsgrundlage der Verarbeitung Ihrer Daten die erkl\u00e4rte Einwilligung. Andernfalls werden die mithilfe von Cookies verarbeiteten Daten auf Grundlage unserer berechtigten Interessen (z.B. an einem betriebswirtschaftlichen Betrieb unseres Onlineangebotes und Verbesserung seiner Nutzbarkeit) verarbeitet oder, wenn dies im Rahmen der Erf\u00fcllung unserer vertraglichen Pflichten erfolgt, wenn der Einsatz von Cookies erforderlich ist, um unsere vertraglichen Verpflichtungen zu erf\u00fcllen. Zu welchen Zwecken die Cookies von uns verarbeitet werden, dar\u00fcber kl\u00e4ren wir im Laufe dieser Datenschutzerkl\u00e4rung oder im Rahmen von unseren Einwilligungs- und Verarbeitungsprozessen auf.<\/p>\n<p><strong>Speicherdauer:\u00a0<\/strong>Im Hinblick auf die Speicherdauer werden die folgenden Arten von Cookies unterschieden:<\/p><ul><li><strong>Tempor\u00e4re Cookies (auch: Session- oder Sitzungs-Cookies):<\/strong>\u00a0Tempor\u00e4re Cookies werden sp\u00e4testens gel\u00f6scht, nachdem ein Nutzer ein Online-Angebot verlassen und sein Endger\u00e4t (z.B. Browser oder mobile Applikation) geschlossen hat.<\/li><li><strong>Permanente Cookies:<\/strong> Permanente Cookies bleiben auch nach dem Schlie\u00dfen des Endger\u00e4tes gespeichert. So k\u00f6nnen beispielsweise der Login-Status gespeichert oder bevorzugte Inhalte direkt angezeigt werden, wenn der Nutzer eine Website erneut besucht. Ebenso k\u00f6nnen die mit Hilfe von Cookies erhobenen Daten der Nutzer zur Reichweitenmessung verwendet werden. Sofern wir Nutzern\u00a0keine expliziten Angaben zur Art und Speicherdauer von Cookies mitteilen (z. B. im Rahmen der Einholung der Einwilligung), sollten Nutzer davon ausgehen, dass Cookies permanent sind und die Speicherdauer bis zu zwei Jahre betragen kann.<\/li><\/ul><p><strong>Allgemeine Hinweise zum Widerruf und Widerspruch (sog. &#8222;Opt-Out&#8220;): <\/strong>Nutzer k\u00f6nnen die von ihnen abgegebenen Einwilligungen jederzeit widerrufen und der Verarbeitung entsprechend den gesetzlichen Vorgaben widersprechen. Hierzu k\u00f6nnen Nutzer unter anderem die Verwendung von Cookies in den Einstellungen ihres Browsers einschr\u00e4nken (wobei dadurch auch die Funktionalit\u00e4t unseres Onlineangebotes eingeschr\u00e4nkt sein kann). Ein Widerspruch gegen die Verwendung von Cookies zu Online-Marketing-Zwecken kann auch \u00fcber die Websites <a href=\"https:\/\/optout.aboutads.info\/\" target=\"_new\" rel=\"noopener\">https:\/\/optout.aboutads.info<\/a> und <a href=\"https:\/\/www.youronlinechoices.com\/\" target=\"_new\" rel=\"noopener\">https:\/\/www.youronlinechoices.com\/<\/a> erkl\u00e4rt werden.<\/p>\n<ul class=\"m-elements\"><li><strong>Rechtsgrundlagen:<\/strong> Berechtigte Interessen (Art. 6 Abs. 1 S. 1 lit. f) DSGVO).<\/li><\/ul><p><strong>Weitere Hinweise zu Verarbeitungsprozessen, Verfahren und Diensten:<\/strong><\/p><ul class=\"m-elements\"><li><strong>BorlabsCookie: <\/strong>Cookie-Einwilligungs-Management; <strong>Dienstanbieter:<\/strong> Lokal auf unserem Server gehostet, keine Datenweitergabe an Dritte; <strong>Website:<\/strong> <a href=\"https:\/\/de.borlabs.io\/borlabs-cookie\/\" target=\"_blank\" rel=\"noopener\">https:\/\/de.borlabs.io\/borlabs-cookie\/<\/a>; <strong>Weitere Informationen:<\/strong> Es werden eine individuelle Nutzer-ID, Sprache sowie Arten der Einwilligungen und der Zeitpunkt ihrer Abgabe serverseitig und im Cookie auf dem Ger\u00e4t der Nutzer gespeichert.<\/li><\/ul><h2 id=\"m104\">Blogs und Publikationsmedien<\/h2><p>Wir nutzen Blogs oder vergleichbare Mittel der Onlinekommunikation und Publikation (nachfolgend &#8222;Publikationsmedium&#8220;). Die Daten der Leser werden f\u00fcr die Zwecke des Publikationsmediums nur insoweit verarbeitet, als es f\u00fcr dessen Darstellung und die Kommunikation zwischen Autoren und Lesern oder aus Gr\u00fcnden der Sicherheit erforderlich ist. Im \u00dcbrigen verweisen wir auf die Informationen zur Verarbeitung der Besucher unseres Publikationsmediums im Rahmen dieser Datenschutzhinweise.<\/p>\n<ul class=\"m-elements\"><li><strong>Verarbeitete Datenarten:<\/strong> Bestandsdaten (z.B. Namen, Adressen); Kontaktdaten (z.B. E-Mail, Telefonnummern); Inhaltsdaten (z.B. Eingaben in Onlineformularen); Nutzungsdaten (z.B. besuchte Webseiten, Interesse an Inhalten, Zugriffszeiten); Meta-, Kommunikations- und Verfahrensdaten (z. B. IP-Adressen, Zeitangaben, Identifikationsnummern, Einwilligungsstatus).<\/li><li><strong>Betroffene Personen:<\/strong> Nutzer (z.B. Webseitenbesucher, Nutzer von Onlinediensten).<\/li><li><strong>Zwecke der Verarbeitung:<\/strong> Erbringung vertraglicher Leistungen und Kundenservice; Feedback (z.B. Sammeln von Feedback via Online-Formular); Bereitstellung unseres Onlineangebotes und Nutzerfreundlichkeit; Sicherheitsma\u00dfnahmen; Verwaltung und Beantwortung von Anfragen.<\/li><li><strong>Rechtsgrundlagen:<\/strong> Berechtigte Interessen (Art. 6 Abs. 1 S. 1 lit. f) DSGVO).<\/li><\/ul><p><strong>Weitere Hinweise zu Verarbeitungsprozessen, Verfahren und Diensten:<\/strong><\/p><ul class=\"m-elements\"><li><strong>Kommentare und Beitr\u00e4ge: <\/strong>Wenn Nutzer Kommentare oder sonstige Beitr\u00e4ge hinterlassen, k\u00f6nnen ihre IP-Adressen auf Grundlage unserer berechtigten Interessen gespeichert werden. Das erfolgt zu unserer Sicherheit, falls jemand in Kommentaren und Beitr\u00e4gen widerrechtliche Inhalte hinterl\u00e4sst (Beleidigungen, verbotene politische Propaganda etc.). In diesem Fall k\u00f6nnen wir selbst f\u00fcr den Kommentar oder Beitrag belangt werden und sind daher an der Identit\u00e4t des Verfassers interessiert.\n\nDes Weiteren behalten wir uns vor, auf Grundlage unserer berechtigten Interessen die Angaben der Nutzer zwecks Spamerkennung zu verarbeiten.\n\nAuf derselben Rechtsgrundlage behalten wir uns vor, im Fall von Umfragen die IP-Adressen der Nutzer f\u00fcr deren Dauer zu speichern und Cookies zu verwenden, um Mehrfachabstimmungen zu vermeiden.\n\nDie im Rahmen der Kommentare und Beitr\u00e4ge mitgeteilten Informationen zur Person, etwaige Kontakt- sowie Webseiteninformationen als auch die inhaltlichen Angaben werden von uns bis zum Widerspruch der Nutzer dauerhaft gespeichert; <strong>Rechtsgrundlagen:<\/strong> Berechtigte Interessen (Art. 6 Abs. 1 S. 1 lit. f) DSGVO).<\/li><\/ul><h2 id=\"m182\">Kontakt- und Anfragenverwaltung<\/h2><p>Bei der Kontaktaufnahme mit uns (z.B. per Post, Kontaktformular, E-Mail, Telefon oder via soziale Medien) sowie im Rahmen bestehender Nutzer- und Gesch\u00e4ftsbeziehungen werden die Angaben der anfragenden Personen verarbeitet soweit dies zur Beantwortung der Kontaktanfragen und etwaiger angefragter Ma\u00dfnahmen erforderlich ist.<\/p>\n<ul class=\"m-elements\"><li><strong>Verarbeitete Datenarten:<\/strong> Kontaktdaten (z.B. E-Mail, Telefonnummern); Inhaltsdaten (z.B. Eingaben in Onlineformularen); Nutzungsdaten (z.B. besuchte Webseiten, Interesse an Inhalten, Zugriffszeiten); Meta-, Kommunikations- und Verfahrensdaten (z. B. IP-Adressen, Zeitangaben, Identifikationsnummern, Einwilligungsstatus).<\/li><li><strong>Betroffene Personen:<\/strong> Kommunikationspartner.<\/li><li><strong>Zwecke der Verarbeitung:<\/strong> Kontaktanfragen und Kommunikation; Verwaltung und Beantwortung von Anfragen; Feedback (z.B. Sammeln von Feedback via Online-Formular); Bereitstellung unseres Onlineangebotes und Nutzerfreundlichkeit.<\/li><li><strong>Rechtsgrundlagen:<\/strong> Berechtigte Interessen (Art. 6 Abs. 1 S. 1 lit. f) DSGVO); Vertragserf\u00fcllung und vorvertragliche Anfragen (Art. 6 Abs. 1 S. 1 lit. b) DSGVO).<\/li><\/ul><p><strong>Weitere Hinweise zu Verarbeitungsprozessen, Verfahren und Diensten:<\/strong><\/p><ul class=\"m-elements\"><li><strong>Kontaktformular: <\/strong>Wenn Nutzer \u00fcber unser Kontaktformular, E-Mail oder andere Kommunikationswege mit uns in Kontakt treten, verarbeiten wir die uns in diesem Zusammenhang mitgeteilten Daten zur Bearbeitung des mitgeteilten Anliegens; <strong>Rechtsgrundlagen:<\/strong> Vertragserf\u00fcllung und vorvertragliche Anfragen (Art. 6 Abs. 1 S. 1 lit. b) DSGVO), Berechtigte Interessen (Art. 6 Abs. 1 S. 1 lit. f) DSGVO).<\/li><\/ul><h2 id=\"m135\">Affiliate-Programme und Affiliate-Links<\/h2><p>In unser Onlineangebot binden wir sogenannte Affiliate-Links oder andere Verweise (zu denen z.B. Suchmasken, Widgets oder Rabatt-Codes geh\u00f6ren k\u00f6nnen) auf die Angebote und Leistungen von Drittanbietern ein (zusammenfassend bezeichnet als &#8222;Affiliate-Links&#8220;). Wenn Nutzer den Affiliate-Links folgen, bzw. anschlie\u00dfend die Angebote wahrnehmen, k\u00f6nnen wir von diesen Drittanbietern eine Provision oder sonstige Vorteile erhalten (zusammenfassend bezeichnet als &#8222;Provision&#8220;).<\/p>\n<p>Um nachverfolgen zu k\u00f6nnen, ob die Nutzer die Angebote eines von uns eingesetzten Affiliate-Links wahrgenommen haben, ist es notwendig, dass die jeweiligen Drittanbieter erfahren, dass die Nutzer einem innerhalb unseres Onlineangebotes eingesetzten Affiliate-Link gefolgt sind. Die Zuordnung der Affiliate-Links zu den jeweiligen Gesch\u00e4ftsabschl\u00fcssen oder zu sonstigen Aktionen (z.B. K\u00e4ufen) dient alleine dem Zweck der Provisionsabrechnung und wird aufgehoben, sobald sie f\u00fcr den Zweck nicht mehr erforderlich ist.<\/p>\n<p>F\u00fcr die Zwecke der vorgenannten Zuordnung der Affiliate-Links k\u00f6nnen die Affiliate-Links um bestimmte Werte erg\u00e4nzt werden, die ein Bestandteil des Links sind oder anderweitig, z.B. in einem Cookie, gespeichert werden k\u00f6nnen. Zu den Werten k\u00f6nnen insbesondere die Ausgangswebseite (Referrer), der Zeitpunkt, eine Online-Kennung der Betreiber der Webseite, auf der sich der Affiliate-Link befand, eine Online-Kennung des jeweiligen Angebotes, die Art des verwendeten Links, die Art des Angebotes und eine Online-Kennung des Nutzers geh\u00f6ren.<\/p>\n<p><strong>Hinweise zu Rechtsgrundlagen:<\/strong> Sofern wir die Nutzer um deren Einwilligung in den Einsatz der Drittanbieter bitten, ist die Rechtsgrundlage der Verarbeitung von Daten die Einwilligung. Ansonsten werden die Daten der Nutzer auf Grundlage unserer berechtigten Interessen (d.h. Interesse an effizienten, wirtschaftlichen und empf\u00e4ngerfreundlichen Leistungen) verarbeitet. In diesem Zusammenhang m\u00f6chten wir Sie auch auf die Informationen zur Verwendung von Cookies in dieser Datenschutzerkl\u00e4rung hinweisen.<\/p>\n<ul class=\"m-elements\"><li><strong>Verarbeitete Datenarten:<\/strong> Vertragsdaten (z.B. Vertragsgegenstand, Laufzeit, Kundenkategorie); Nutzungsdaten (z.B. besuchte Webseiten, Interesse an Inhalten, Zugriffszeiten); Meta-, Kommunikations- und Verfahrensdaten (z. B. IP-Adressen, Zeitangaben, Identifikationsnummern, Einwilligungsstatus).<\/li><li><strong>Betroffene Personen:<\/strong> Nutzer (z.B. Webseitenbesucher, Nutzer von Onlinediensten).<\/li><li><strong>Zwecke der Verarbeitung:<\/strong> Affiliate-Nachverfolgung.<\/li><li><strong>Rechtsgrundlagen:<\/strong> Einwilligung (Art. 6 Abs. 1 S. 1 lit. a) DSGVO); Berechtigte Interessen (Art. 6 Abs. 1 S. 1 lit. f) DSGVO).<\/li><\/ul><p><strong>Weitere Hinweise zu Verarbeitungsprozessen, Verfahren und Diensten:<\/strong><\/p><ul class=\"m-elements\"><li><strong>Booking.com-Partnerprogramm: <\/strong>Affiliatemarketing-Partnerprogramm; <strong>Dienstanbieter:<\/strong> Booking.com B.V., Herengracht 597, 1017 CE Amsterdam, Niederlande; <strong>Rechtsgrundlagen:<\/strong> Berechtigte Interessen (Art. 6 Abs. 1 S. 1 lit. f) DSGVO); <strong>Website:<\/strong> <a href=\"https:\/\/www.booking.com\" target=\"_blank\" rel=\"noopener\">https:\/\/www.booking.com<\/a>; <strong>Datenschutzerkl\u00e4rung:<\/strong> <a href=\"https:\/\/www.booking.com\/content\/privacy.de.html\" target=\"_blank\" rel=\"noopener\">https:\/\/www.booking.com\/content\/privacy.de.html<\/a>.<\/li><\/ul><h2 id=\"m136\">Pr\u00e4senzen in sozialen Netzwerken (Social Media)<\/h2><p>Wir unterhalten Onlinepr\u00e4senzen innerhalb sozialer Netzwerke und verarbeiten in diesem Rahmen Daten der Nutzer, um mit den dort aktiven Nutzern zu kommunizieren oder um Informationen \u00fcber uns anzubieten.<\/p>\n<p>Wir weisen darauf hin, dass dabei Daten der Nutzer au\u00dferhalb des Raumes der Europ\u00e4ischen Union verarbeitet werden k\u00f6nnen. Hierdurch k\u00f6nnen sich f\u00fcr die Nutzer Risiken ergeben, weil so z.B. die Durchsetzung der Rechte der Nutzer erschwert werden k\u00f6nnte.<\/p>\n<p>Ferner werden die Daten der Nutzer innerhalb sozialer Netzwerke im Regelfall f\u00fcr Marktforschungs- und Werbezwecke verarbeitet. So k\u00f6nnen z.B. anhand des Nutzungsverhaltens und sich daraus ergebender Interessen der Nutzer Nutzungsprofile erstellt werden. Die Nutzungsprofile k\u00f6nnen wiederum verwendet werden, um z.B. Werbeanzeigen innerhalb und au\u00dferhalb der Netzwerke zu schalten, die mutma\u00dflich den Interessen der Nutzer entsprechen. Zu diesen Zwecken werden im Regelfall Cookies auf den Rechnern der Nutzer gespeichert, in denen das Nutzungsverhalten und die Interessen der Nutzer gespeichert werden. Ferner k\u00f6nnen in den Nutzungsprofilen auch Daten unabh\u00e4ngig der von den Nutzern verwendeten Ger\u00e4te gespeichert werden (insbesondere, wenn die Nutzer Mitglieder der jeweiligen Plattformen sind und bei diesen eingeloggt sind).<\/p>\n<p>F\u00fcr eine detaillierte Darstellung der jeweiligen Verarbeitungsformen und der Widerspruchsm\u00f6glichkeiten (Opt-Out) verweisen wir auf die Datenschutzerkl\u00e4rungen und Angaben der Betreiber der jeweiligen Netzwerke.<\/p>\n<p>Auch im Fall von Auskunftsanfragen und der Geltendmachung von Betroffenenrechten weisen wir darauf hin, dass diese am effektivsten bei den Anbietern geltend gemacht werden k\u00f6nnen. Nur die Anbieter haben jeweils Zugriff auf die Daten der Nutzer und k\u00f6nnen direkt entsprechende Ma\u00dfnahmen ergreifen und Ausk\u00fcnfte geben. Sollten Sie dennoch Hilfe ben\u00f6tigen, dann k\u00f6nnen Sie sich an uns wenden.<\/p>\n<ul class=\"m-elements\"><li><strong>Verarbeitete Datenarten:<\/strong> Kontaktdaten (z.B. E-Mail, Telefonnummern); Inhaltsdaten (z.B. Eingaben in Onlineformularen); Nutzungsdaten (z.B. besuchte Webseiten, Interesse an Inhalten, Zugriffszeiten); Meta-, Kommunikations- und Verfahrensdaten (z. B. IP-Adressen, Zeitangaben, Identifikationsnummern, Einwilligungsstatus).<\/li><li><strong>Betroffene Personen:<\/strong> Nutzer (z.B. Webseitenbesucher, Nutzer von Onlinediensten).<\/li><li><strong>Zwecke der Verarbeitung:<\/strong> Kontaktanfragen und Kommunikation; Feedback (z.B. Sammeln von Feedback via Online-Formular); Marketing.<\/li><li><strong>Rechtsgrundlagen:<\/strong> Berechtigte Interessen (Art. 6 Abs. 1 S. 1 lit. f) DSGVO).<\/li><\/ul><p><strong>Weitere Hinweise zu Verarbeitungsprozessen, Verfahren und Diensten:<\/strong><\/p><ul class=\"m-elements\"><li><strong>Instagram: <\/strong>Soziales Netzwerk; <strong>Dienstanbieter:<\/strong> Meta Platforms Irland Limited, 4 Grand Canal Square, Grand Canal Harbour, Dublin 2, Irland; <strong>Rechtsgrundlagen:<\/strong> Berechtigte Interessen (Art. 6 Abs. 1 S. 1 lit. f) DSGVO); <strong>Website:<\/strong> <a href=\"https:\/\/www.instagram.com\" target=\"_blank\" rel=\"noopener\">https:\/\/www.instagram.com<\/a>; <strong>Datenschutzerkl\u00e4rung:<\/strong> <a href=\"https:\/\/instagram.com\/about\/legal\/privacy\" target=\"_blank\" rel=\"noopener\">https:\/\/instagram.com\/about\/legal\/privacy<\/a>.<\/li><li><strong>LinkedIn: <\/strong>Soziales Netzwerk; <strong>Dienstanbieter:<\/strong> LinkedIn Irland Unlimited Company, Wilton Plaza Wilton Place, Dublin 2, Irland; <strong>Rechtsgrundlagen:<\/strong> Berechtigte Interessen (Art. 6 Abs. 1 S. 1 lit. f) DSGVO); <strong>Website:<\/strong> <a href=\"https:\/\/www.linkedin.com\" target=\"_blank\" rel=\"noopener\">https:\/\/www.linkedin.com<\/a>; <strong>Datenschutzerkl\u00e4rung:<\/strong> <a href=\"https:\/\/www.linkedin.com\/legal\/privacy-policy\" target=\"_blank\" rel=\"noopener\">https:\/\/www.linkedin.com\/legal\/privacy-policy<\/a>; <strong>Auftragsverarbeitungsvertrag:<\/strong> <a href=\"https:\/\/legal.linkedin.com\/dpa\" target=\"_blank\" rel=\"noopener\">https:\/\/legal.linkedin.com\/dpa<\/a>; <strong>Standardvertragsklauseln (Gew\u00e4hrleistung Datenschutzniveau bei Verarbeitung in Drittl\u00e4ndern):<\/strong> <a href=\"https:\/\/legal.linkedin.com\/dpa\" target=\"_blank\" rel=\"noopener\">https:\/\/legal.linkedin.com\/dpa<\/a>; <strong>Widerspruchsm\u00f6glichkeit (Opt-Out):<\/strong> <a href=\"https:\/\/www.linkedin.com\/psettings\/guest-controls\/retargeting-opt-out\" target=\"_blank\" rel=\"noopener\">https:\/\/www.linkedin.com\/psettings\/guest-controls\/retargeting-opt-out<\/a>.<\/li><li><strong>Pinterest: <\/strong>Soziales Netzwerk; <strong>Dienstanbieter:<\/strong> Pinterest Europe Limited, 2nd Floor, Palmerston House, Fenian Street, Dublin 2, Irland; <strong>Rechtsgrundlagen:<\/strong> Berechtigte Interessen (Art. 6 Abs. 1 S. 1 lit. f) DSGVO); <strong>Website:<\/strong> <a href=\"https:\/\/www.pinterest.com\" target=\"_blank\" rel=\"noopener\">https:\/\/www.pinterest.com<\/a>; <strong>Datenschutzerkl\u00e4rung:<\/strong> <a href=\"https:\/\/policy.pinterest.com\/de\/privacy-policy\" target=\"_blank\" rel=\"noopener\">https:\/\/policy.pinterest.com\/de\/privacy-policy<\/a>; <strong>Weitere Informationen:<\/strong> Pinterest Anhang zum Datenaustausch (ANHANG A): <a href=\"https:\/\/business.pinterest.com\/de\/pinterest-advertising-services-agreement\/\" target=\"_blank\" rel=\"noopener\">https:\/\/business.pinterest.com\/de\/pinterest-advertising-services-agreement\/<\/a>.<\/li><li><strong>YouTube: <\/strong>Soziales Netzwerk und Videoplattform; <strong>Dienstanbieter:<\/strong> Google Ireland Limited, Gordon House, Barrow Street, Dublin 4, Irland; <strong>Rechtsgrundlagen:<\/strong> Berechtigte Interessen (Art. 6 Abs. 1 S. 1 lit. f) DSGVO); <strong>Datenschutzerkl\u00e4rung:<\/strong> <a href=\"https:\/\/policies.google.com\/privacy\" target=\"_blank\" rel=\"noopener\">https:\/\/policies.google.com\/privacy<\/a>; <strong>Widerspruchsm\u00f6glichkeit (Opt-Out):<\/strong> <a href=\"https:\/\/adssettings.google.com\/authenticated\" target=\"_blank\" rel=\"noopener\">https:\/\/adssettings.google.com\/authenticated<\/a>.<\/li><\/ul><h2 id=\"m15\">\u00c4nderung und Aktualisierung der Datenschutzerkl\u00e4rung<\/h2><p>Wir bitten Sie, sich regelm\u00e4\u00dfig \u00fcber den Inhalt unserer Datenschutzerkl\u00e4rung zu informieren. Wir passen die Datenschutzerkl\u00e4rung an, sobald die \u00c4nderungen der von uns durchgef\u00fchrten Datenverarbeitungen dies erforderlich machen. Wir informieren Sie, sobald durch die \u00c4nderungen eine Mitwirkungshandlung Ihrerseits (z.B. Einwilligung) oder eine sonstige individuelle Benachrichtigung erforderlich wird.<\/p>\n<p>Sofern wir in dieser Datenschutzerkl\u00e4rung Adressen und Kontaktinformationen von Unternehmen und Organisationen angeben, bitten wir zu beachten, dass die Adressen sich \u00fcber die Zeit \u00e4ndern k\u00f6nnen und bitten die Angaben vor Kontaktaufnahme zu pr\u00fcfen.<\/p>\n<h2 id=\"m42\">Begriffsdefinitionen<\/h2><p>In diesem Abschnitt erhalten Sie eine \u00dcbersicht \u00fcber die in dieser Datenschutzerkl\u00e4rung verwendeten Begrifflichkeiten. Soweit die Begrifflichkeiten gesetzlich definiert sind, gelten deren gesetzliche Definitionen. Die nachfolgenden Erl\u00e4uterungen sollen dagegen vor allem dem Verst\u00e4ndnis dienen.<\/p>\n <ul class=\"glossary\"><li><strong>Affiliate-Nachverfolgung:<\/strong> Im Rahmen der Affiliate-Nachverfolgung werden Links, mit deren Hilfe die verlinkenden Webseiten Nutzer zu Webseiten mit Produkt- oder sonstigen Angeboten verweisen, protokolliert. Die Betreiber der jeweils verlinkenden Webseiten k\u00f6nnen eine Provision erhalten, wenn Nutzer diesen sogenannten Affiliate-Links folgen und anschlie\u00dfend die Angebote wahrnehmen (z.B. Waren kaufen oder Dienstleistungen in Anspruch nehmen). Hierzu ist es erforderlich, dass die Anbieter nachverfolgen k\u00f6nnen, ob Nutzer, die sich f\u00fcr bestimmte Angebote interessieren, diese anschlie\u00dfend auf die Veranlassung der Affiliate-Links wahrnehmen. Daher ist es f\u00fcr die Funktionsf\u00e4higkeit von Affiliate-Links erforderlich, dass sie um bestimmte Werte erg\u00e4nzt werden, die ein Bestandteil des Links werden oder anderweitig, z.B. in einem Cookie, gespeichert werden. Zu den Werten geh\u00f6ren insbesondere die Ausgangswebseite (Referrer), der Zeitpunkt, eine Online-Kennung der Betreiber der Webseite, auf der sich der Affiliate-Link befand, eine Online-Kennung des jeweiligen Angebotes, eine Online-Kennung des Nutzers als auch nachverfolgungsspezifische Werte, wie, z.B. Werbemittel-ID, Partner-ID und Kategorisierungen <\/li><li><strong>Personenbezogene Daten:<\/strong> &#8222;Personenbezogene Daten\u201c sind alle Informationen, die sich auf eine identifizierte oder identifizierbare nat\u00fcrliche Person (im Folgenden &#8222;betroffene Person\u201c) beziehen; als identifizierbar wird eine nat\u00fcrliche Person angesehen, die direkt oder indirekt, insbesondere mittels Zuordnung zu einer Kennung wie einem Namen, zu einer Kennnummer, zu Standortdaten, zu einer Online-Kennung (z.B. Cookie) oder zu einem oder mehreren besonderen Merkmalen identifiziert werden kann, die Ausdruck der physischen, physiologischen, genetischen, psychischen, wirtschaftlichen, kulturellen oder sozialen Identit\u00e4t dieser nat\u00fcrlichen Person sind. <\/li><li><strong>Verantwortlicher:<\/strong> Als &#8222;Verantwortlicher\u201c wird die nat\u00fcrliche oder juristische Person, Beh\u00f6rde, Einrichtung oder andere Stelle, die allein oder gemeinsam mit anderen \u00fcber die Zwecke und Mittel der Verarbeitung von personenbezogenen Daten entscheidet, bezeichnet. <\/li><li><strong>Verarbeitung:<\/strong> &#8222;Verarbeitung&#8220; ist jeder mit oder ohne Hilfe automatisierter Verfahren ausgef\u00fchrte Vorgang oder jede solche Vorgangsreihe im Zusammenhang mit personenbezogenen Daten. Der Begriff reicht weit und umfasst praktisch jeden Umgang mit Daten, sei es das Erheben, das Auswerten, das Speichern, das \u00dcbermitteln oder das L\u00f6schen. <\/li><\/ul><p class=\"seal\"><a href=\"https:\/\/datenschutz-generator.de\/\" title=\"Rechtstext von Dr. Schwenke - f\u00fcr weitere Informationen bitte anklicken.\" target=\"_blank\" rel=\"noopener noreferrer nofollow\">Erstellt mit kostenlosem Datenschutz-Generator.de von Dr. Thomas Schwenke<\/a><\/p>\n","protected":false},"excerpt":{"rendered":"<p>Datenschutzerkl\u00e4rung Pr\u00e4ambel Mit der folgenden Datenschutzerkl\u00e4rung m\u00f6chten wir Sie dar\u00fcber aufkl\u00e4ren, welche Arten Ihrer personenbezogenen Daten (nachfolgend auch kurz als &#8222;Daten\u201c bezeichnet) wir zu welchen Zwecken und in welchem Umfang verarbeiten. Die Datenschutzerkl\u00e4rung gilt f\u00fcr alle von uns durchgef\u00fchrten Verarbeitungen personenbezogener Daten, sowohl im Rahmen der Erbringung unserer Leistungen als auch insbesondere auf unseren Webseiten, [&hellip;]<\/p>\n","protected":false},"author":1,"featured_media":0,"parent":0,"menu_order":0,"comment_status":"closed","ping_status":"closed","template":"","meta":{"_eb_attr":"","_genesis_hide_title":false,"_genesis_hide_breadcrumbs":false,"_genesis_hide_singular_image":false,"_genesis_hide_footer_widgets":false,"_genesis_custom_body_class":"","_genesis_custom_post_class":"","_genesis_layout":"","footnotes":""},"class_list":{"0":"post-16748","1":"page","2":"type-page","3":"status-publish","5":"entry"},"yoast_head":"<!-- This site is optimized with the Yoast SEO plugin v27.4 - https:\/\/yoast.com\/product\/yoast-seo-wordpress\/ -->\n<title>Datenschutz - Reisen und Videos<\/title>\n<meta name=\"robots\" content=\"index, follow, max-snippet:-1, max-image-preview:large, max-video-preview:-1\" \/>\n<link rel=\"canonical\" href=\"https:\/\/www.myvideomedia.com\/de\/datenschutz-2\/\" \/>\n<meta property=\"og:locale\" content=\"de_DE\" \/>\n<meta property=\"og:type\" content=\"article\" \/>\n<meta property=\"og:title\" content=\"Datenschutz - Reisen und Videos\" \/>\n<meta property=\"og:description\" content=\"Datenschutzerkl\u00e4rung Pr\u00e4ambel Mit der folgenden Datenschutzerkl\u00e4rung m\u00f6chten wir Sie dar\u00fcber aufkl\u00e4ren, welche Arten Ihrer personenbezogenen Daten (nachfolgend auch kurz als &#8222;Daten\u201c bezeichnet) wir zu welchen Zwecken und in welchem Umfang verarbeiten. Die Datenschutzerkl\u00e4rung gilt f\u00fcr alle von uns durchgef\u00fchrten Verarbeitungen personenbezogener Daten, sowohl im Rahmen der Erbringung unserer Leistungen als auch insbesondere auf unseren Webseiten, [&hellip;]\" \/>\n<meta property=\"og:url\" content=\"https:\/\/www.myvideomedia.com\/de\/datenschutz-2\/\" \/>\n<meta property=\"og:site_name\" content=\"Reisen und Videos\" \/>\n<meta property=\"article:publisher\" content=\"https:\/\/www.facebook.com\/myvideomedia\/\" \/>\n<meta property=\"article:modified_time\" content=\"2023-06-27T14:43:24+00:00\" \/>\n<meta name=\"twitter:card\" content=\"summary_large_image\" \/>\n<script type=\"application\/ld+json\" class=\"yoast-schema-graph\">{\"@context\":\"https:\\\/\\\/schema.org\",\"@graph\":[{\"@type\":\"WebPage\",\"@id\":\"https:\\\/\\\/www.myvideomedia.com\\\/de\\\/datenschutz-2\\\/\",\"url\":\"https:\\\/\\\/www.myvideomedia.com\\\/de\\\/datenschutz-2\\\/\",\"name\":\"Datenschutz - Reisen und Videos\",\"isPartOf\":{\"@id\":\"https:\\\/\\\/www.myvideomedia.com\\\/de\\\/#website\"},\"datePublished\":\"2023-06-27T14:22:42+00:00\",\"dateModified\":\"2023-06-27T14:43:24+00:00\",\"breadcrumb\":{\"@id\":\"https:\\\/\\\/www.myvideomedia.com\\\/de\\\/datenschutz-2\\\/#breadcrumb\"},\"inLanguage\":\"de\",\"potentialAction\":[{\"@type\":\"ReadAction\",\"target\":[\"https:\\\/\\\/www.myvideomedia.com\\\/de\\\/datenschutz-2\\\/\"]}]},{\"@type\":\"BreadcrumbList\",\"@id\":\"https:\\\/\\\/www.myvideomedia.com\\\/de\\\/datenschutz-2\\\/#breadcrumb\",\"itemListElement\":[{\"@type\":\"ListItem\",\"position\":1,\"name\":\"Home\",\"item\":\"https:\\\/\\\/www.myvideomedia.com\\\/de\\\/\"},{\"@type\":\"ListItem\",\"position\":2,\"name\":\"Datenschutz\"}]},{\"@type\":\"WebSite\",\"@id\":\"https:\\\/\\\/www.myvideomedia.com\\\/de\\\/#website\",\"url\":\"https:\\\/\\\/www.myvideomedia.com\\\/de\\\/\",\"name\":\"Reisen und Videos\",\"description\":\"Reisen und Videos \",\"publisher\":{\"@id\":\"https:\\\/\\\/www.myvideomedia.com\\\/de\\\/#organization\"},\"potentialAction\":[{\"@type\":\"SearchAction\",\"target\":{\"@type\":\"EntryPoint\",\"urlTemplate\":\"https:\\\/\\\/www.myvideomedia.com\\\/de\\\/?s={search_term_string}\"},\"query-input\":{\"@type\":\"PropertyValueSpecification\",\"valueRequired\":true,\"valueName\":\"search_term_string\"}}],\"inLanguage\":\"de\"},{\"@type\":\"Organization\",\"@id\":\"https:\\\/\\\/www.myvideomedia.com\\\/de\\\/#organization\",\"name\":\"myVideoMedia\",\"url\":\"https:\\\/\\\/www.myvideomedia.com\\\/de\\\/\",\"logo\":{\"@type\":\"ImageObject\",\"inLanguage\":\"de\",\"@id\":\"https:\\\/\\\/www.myvideomedia.com\\\/de\\\/#\\\/schema\\\/logo\\\/image\\\/\",\"url\":\"https:\\\/\\\/www.myvideomedia.com\\\/wp-content\\\/uploads\\\/2015\\\/09\\\/logo_myvideomedia.png\",\"contentUrl\":\"https:\\\/\\\/www.myvideomedia.com\\\/wp-content\\\/uploads\\\/2015\\\/09\\\/logo_myvideomedia.png\",\"width\":360,\"height\":76,\"caption\":\"myVideoMedia\"},\"image\":{\"@id\":\"https:\\\/\\\/www.myvideomedia.com\\\/de\\\/#\\\/schema\\\/logo\\\/image\\\/\"},\"sameAs\":[\"https:\\\/\\\/www.facebook.com\\\/myvideomedia\\\/\",\"https:\\\/\\\/instagram.com\\\/myvideomedia\\\/\",\"https:\\\/\\\/de.linkedin.com\\\/in\\\/ursulastreit\",\"https:\\\/\\\/www.pinterest.com\\\/myvideomedia\\\/\",\"https:\\\/\\\/www.youtube.com\\\/user\\\/myVideoMedia1\"]}]}<\/script>\n<!-- \/ Yoast SEO plugin. -->","yoast_head_json":{"title":"Datenschutz - Reisen und Videos","robots":{"index":"index","follow":"follow","max-snippet":"max-snippet:-1","max-image-preview":"max-image-preview:large","max-video-preview":"max-video-preview:-1"},"canonical":"https:\/\/www.myvideomedia.com\/de\/datenschutz-2\/","og_locale":"de_DE","og_type":"article","og_title":"Datenschutz - Reisen und Videos","og_description":"Datenschutzerkl\u00e4rung Pr\u00e4ambel Mit der folgenden Datenschutzerkl\u00e4rung m\u00f6chten wir Sie dar\u00fcber aufkl\u00e4ren, welche Arten Ihrer personenbezogenen Daten (nachfolgend auch kurz als &#8222;Daten\u201c bezeichnet) wir zu welchen Zwecken und in welchem Umfang verarbeiten. Die Datenschutzerkl\u00e4rung gilt f\u00fcr alle von uns durchgef\u00fchrten Verarbeitungen personenbezogener Daten, sowohl im Rahmen der Erbringung unserer Leistungen als auch insbesondere auf unseren Webseiten, [&hellip;]","og_url":"https:\/\/www.myvideomedia.com\/de\/datenschutz-2\/","og_site_name":"Reisen und Videos","article_publisher":"https:\/\/www.facebook.com\/myvideomedia\/","article_modified_time":"2023-06-27T14:43:24+00:00","twitter_card":"summary_large_image","schema":{"@context":"https:\/\/schema.org","@graph":[{"@type":"WebPage","@id":"https:\/\/www.myvideomedia.com\/de\/datenschutz-2\/","url":"https:\/\/www.myvideomedia.com\/de\/datenschutz-2\/","name":"Datenschutz - Reisen und Videos","isPartOf":{"@id":"https:\/\/www.myvideomedia.com\/de\/#website"},"datePublished":"2023-06-27T14:22:42+00:00","dateModified":"2023-06-27T14:43:24+00:00","breadcrumb":{"@id":"https:\/\/www.myvideomedia.com\/de\/datenschutz-2\/#breadcrumb"},"inLanguage":"de","potentialAction":[{"@type":"ReadAction","target":["https:\/\/www.myvideomedia.com\/de\/datenschutz-2\/"]}]},{"@type":"BreadcrumbList","@id":"https:\/\/www.myvideomedia.com\/de\/datenschutz-2\/#breadcrumb","itemListElement":[{"@type":"ListItem","position":1,"name":"Home","item":"https:\/\/www.myvideomedia.com\/de\/"},{"@type":"ListItem","position":2,"name":"Datenschutz"}]},{"@type":"WebSite","@id":"https:\/\/www.myvideomedia.com\/de\/#website","url":"https:\/\/www.myvideomedia.com\/de\/","name":"Reisen und Videos","description":"Reisen und Videos ","publisher":{"@id":"https:\/\/www.myvideomedia.com\/de\/#organization"},"potentialAction":[{"@type":"SearchAction","target":{"@type":"EntryPoint","urlTemplate":"https:\/\/www.myvideomedia.com\/de\/?s={search_term_string}"},"query-input":{"@type":"PropertyValueSpecification","valueRequired":true,"valueName":"search_term_string"}}],"inLanguage":"de"},{"@type":"Organization","@id":"https:\/\/www.myvideomedia.com\/de\/#organization","name":"myVideoMedia","url":"https:\/\/www.myvideomedia.com\/de\/","logo":{"@type":"ImageObject","inLanguage":"de","@id":"https:\/\/www.myvideomedia.com\/de\/#\/schema\/logo\/image\/","url":"https:\/\/www.myvideomedia.com\/wp-content\/uploads\/2015\/09\/logo_myvideomedia.png","contentUrl":"https:\/\/www.myvideomedia.com\/wp-content\/uploads\/2015\/09\/logo_myvideomedia.png","width":360,"height":76,"caption":"myVideoMedia"},"image":{"@id":"https:\/\/www.myvideomedia.com\/de\/#\/schema\/logo\/image\/"},"sameAs":["https:\/\/www.facebook.com\/myvideomedia\/","https:\/\/instagram.com\/myvideomedia\/","https:\/\/de.linkedin.com\/in\/ursulastreit","https:\/\/www.pinterest.com\/myvideomedia\/","https:\/\/www.youtube.com\/user\/myVideoMedia1"]}]}},"featured_image_src":null,"featured_image_src_square":null,"_links":{"self":[{"href":"https:\/\/www.myvideomedia.com\/de\/wp-json\/wp\/v2\/pages\/16748","targetHints":{"allow":["GET"]}}],"collection":[{"href":"https:\/\/www.myvideomedia.com\/de\/wp-json\/wp\/v2\/pages"}],"about":[{"href":"https:\/\/www.myvideomedia.com\/de\/wp-json\/wp\/v2\/types\/page"}],"author":[{"embeddable":true,"href":"https:\/\/www.myvideomedia.com\/de\/wp-json\/wp\/v2\/users\/1"}],"replies":[{"embeddable":true,"href":"https:\/\/www.myvideomedia.com\/de\/wp-json\/wp\/v2\/comments?post=16748"}],"version-history":[{"count":0,"href":"https:\/\/www.myvideomedia.com\/de\/wp-json\/wp\/v2\/pages\/16748\/revisions"}],"wp:attachment":[{"href":"https:\/\/www.myvideomedia.com\/de\/wp-json\/wp\/v2\/media?parent=16748"}],"curies":[{"name":"wp","href":"https:\/\/api.w.org\/{rel}","templated":true}]}}